{"id":885,"date":"2018-08-08T10:24:03","date_gmt":"2018-08-08T09:24:03","guid":{"rendered":"https:\/\/visite-lyon.fr\/scolaires\/?page_id=885"},"modified":"2024-07-09T09:10:00","modified_gmt":"2024-07-09T08:10:00","slug":"college-seconde-guerre-mondiale","status":"publish","type":"page","link":"https:\/\/visite-lyon.fr\/scolaires\/college-seconde-guerre-mondiale\/","title":{"rendered":"L&rsquo;attente &#8211; La vie \u00e0 Lyon sous l&rsquo;occupation"},"content":{"rendered":"<div class=\"wpb-content-wrapper\">[vc_row][vc_column]<h1 class=\"vcex-heading vcex-heading-bottom-border vcex-module wpex-heading wpex-text-2xl wpex-border-b wpex-border-solid wpex-border-main\"><span class=\"vcex-heading-inner wpex-inline-block\">L&rsquo;attente &#8211; La vie \u00e0 Lyon sous l&rsquo;occupation<\/span><\/h1>[vc_column_text]\n<h3>Jean Mac\u00e9 (7e arrdt) \/ CM2, Coll\u00e8ge, Lyc\u00e9e<\/h3>\n<p>Madeleine avait 10 ans en 1939 lorsque la guerre \u00e9clata. Tr\u00e8s vite, son p\u00e8re fut envoy\u00e9 au front. Tr\u00e8s vite, elle connut la faim, le froid, les longues files d&rsquo;attentes. Madeleine dut faire face \u00e0 la peur, et \u00e0 l&rsquo;attente interminable : ne pas savoir quand la guerre finira. Mais avec sa m\u00e8re, son amie Hortense, et son amoureux, elle apprit vite \u00e0 voler les moments de bonheur les plus simples \u00e0 la guerre. \u00c0 rire pour oublier la faim et les privations. \u00c0 profiter de chaque instant. Madeleine et sa m\u00e8re n&rsquo;\u00e9taient pas dans la r\u00e9sistance, ni des collabos. Elles essayaient de survivre, tout simplement.<\/p>\n<p>Dans cette visite cont\u00e9e entre Jean Mac\u00e9 et les quais du Rh\u00f4ne, vous entendrez toute la rigueur du quotidien \u00e0 travers les yeux d\u2019une enfant devenue trop vite adulte : les longues files d\u2019attente pour se nourrir, le march\u00e9 noir pour se v\u00eatir, ne pas savoir quand la guerre finira, l&rsquo;aper\u00e7u fugace du monde complexe et terrorisant de la r\u00e9sistance. Le guide-conteur vous fera revivre ces sc\u00e8nes de la vie quotidienne, dans les rues du quartier Jean Mac\u00e9. L\u00e0 o\u00f9 eut lieu le terrible bombardement alli\u00e9 du 26 mai 1944 qui d\u00e9truisit l\u2019avenue Berthelot et le cin\u00e9ma Le Com\u0153dia. L\u00e0 o\u00f9 la Gestapo avait install\u00e9 son si\u00e8ge, dans le b\u00e2timent qui est aujourd\u2019hui le Centre d\u2019Histoire de la R\u00e9sistance et de la D\u00e9portation.<\/p>\n<p><em>Une histoire inspir\u00e9e de t\u00e9moignages lyonnais.<\/em><\/p>\n<p><strong>Attention<\/strong> : la th\u00e9matique de cette visite n&rsquo;est pas la r\u00e9sistance mais la vie quotidienne sous l&rsquo;occupation.<\/p>\n<p><strong>Attention<\/strong> : pour les CM2, une pr\u00e9paration est obligatoire en amont de la visite. Merci de t\u00e9l\u00e9charger les pr\u00e9-requis et le dossier p\u00e9dagogique avec le formulaire ci-dessous.[\/vc_column_text][\/vc_column][\/vc_row][vc_row][vc_column width=\u00a0\u00bb1\/2&Prime;]<div class=\"vcex-module vcex-icon-box vcex-icon-box-five wpex-block wpex-text-center wpex-p-30 wpex-surface-2\"><div class=\"vcex-icon-box-symbol vcex-icon-box-symbol--icon wpex-mb-20\"><div class=\"vcex-icon-box-icon wpex-items-center wpex-justify-center wpex-child-inherit-color wpex-text-center wpex-leading-none wpex-inline-flex wpex-text-1\"><span class=\"wpex-flex wpex-icon\" aria-hidden=\"true\"><svg xmlns=\"http:\/\/www.w3.org\/2000\/svg\" viewBox=\"0 0 512 512\"><path d=\"M256 512A256 256 0 1 0 256 0a256 256 0 1 0 0 512zM216 336h24V272H216c-13.3 0-24-10.7-24-24s10.7-24 24-24h48c13.3 0 24 10.7 24 24v88h8c13.3 0 24 10.7 24 24s-10.7 24-24 24H216c-13.3 0-24-10.7-24-24s10.7-24 24-24zm40-208a32 32 0 1 1 0 64 32 32 0 1 1 0-64z\"\/><\/svg><\/span><\/div><\/div><div class=\"vcex-icon-box-text\"><h2 class=\"vcex-icon-box-heading wpex-heading wpex-text-md wpex-mb-10\">Informations pratiques<\/h2><div class=\"vcex-icon-box-content wpex-last-mb-0 wpex-clr\"><ul>\n<li style=\"text-align: left\"><strong>D\u00e9part<\/strong> : Garage Citro\u00ebn<\/li>\n<li style=\"text-align: left\"><strong>Arriv\u00e9e<\/strong> : Sous le pont Galieni<\/li>\n<li style=\"text-align: left\"><strong>Dur\u00e9e<\/strong> : 1h30.<\/li>\n<li style=\"text-align: left\"><strong>Public pr\u00e9f\u00e9r\u00e9<\/strong> : CM2, 3e et lyc\u00e9e.<\/li>\n<li style=\"text-align: left\">Visite <strong>non<\/strong> costum\u00e9e.<\/li>\n<\/ul>\n<\/div><\/div><\/div>[\/vc_column][vc_column width=\u00a0\u00bb1\/2&Prime;]<div class=\"vcex-module vcex-icon-box vcex-icon-box-five wpex-block wpex-text-center wpex-p-30 wpex-surface-2\"><div class=\"vcex-icon-box-symbol vcex-icon-box-symbol--icon wpex-mb-20\"><div class=\"vcex-icon-box-icon wpex-items-center wpex-justify-center wpex-child-inherit-color wpex-text-center wpex-leading-none wpex-inline-flex wpex-text-1\"><span class=\"wpex-flex wpex-icon\" aria-hidden=\"true\"><svg xmlns=\"http:\/\/www.w3.org\/2000\/svg\" viewBox=\"0 0 576 512\"><path d=\"M112 112c0 35.3-28.7 64-64 64V336c35.3 0 64 28.7 64 64H464c0-35.3 28.7-64 64-64V176c-35.3 0-64-28.7-64-64H112zM0 128C0 92.7 28.7 64 64 64H512c35.3 0 64 28.7 64 64V384c0 35.3-28.7 64-64 64H64c-35.3 0-64-28.7-64-64V128zM176 256a112 112 0 1 1 224 0 112 112 0 1 1 -224 0zm80-48c0 8.8 7.2 16 16 16v64h-8c-8.8 0-16 7.2-16 16s7.2 16 16 16h24 24c8.8 0 16-7.2 16-16s-7.2-16-16-16h-8V208c0-8.8-7.2-16-16-16H272c-8.8 0-16 7.2-16 16z\"\/><\/svg><\/span><\/div><\/div><div class=\"vcex-icon-box-text\"><h2 class=\"vcex-icon-box-heading wpex-heading wpex-text-md wpex-mb-10\">Tarifs<\/h2><div class=\"vcex-icon-box-content wpex-last-mb-0 wpex-clr\"><ul>\n<li style=\"text-align: left\">20 \u00e9l\u00e8ves et plus : <strong>10\u20ac\/\u00e9l\u00e8ve<\/strong><\/li>\n<li style=\"text-align: left\">moins de 20 \u00e9l\u00e8ves : <strong>200\u20ac\/groupe<br \/>\n<\/strong><\/li>\n<li style=\"text-align: left\">Accompagnateurs : <strong>Gratuit<\/strong><\/li>\n<li style=\"text-align: left\">Haute saison (du 01\/04\/25 au 04\/07\/25) : <strong>12\u20ac\/\u00e9l\u00e8ve<\/strong><\/li>\n<\/ul>\n<\/div><\/div><\/div>[\/vc_column][\/vc_row][vc_row][vc_column]<div class=\"theme-button-wrap textcenter wpex-clr\"><a href=\"https:\/\/visite-lyon.fr\/scolaires\/transport-bateau\/\" class=\"vcex-button theme-button medium align-center inline\"><span class=\"vcex-button-inner theme-button-inner wpex-flex wpex-flex-wrap wpex-items-center wpex-justify-center\"><span class=\"vcex-button-icon vcex-icon-wrap theme-button-icon-left\"><span class=\"wpex-icon\" aria-hidden=\"true\"><svg xmlns=\"http:\/\/www.w3.org\/2000\/svg\" viewBox=\"0 0 576 512\"><path d=\"M192 32c0-17.7 14.3-32 32-32H352c17.7 0 32 14.3 32 32V64h48c26.5 0 48 21.5 48 48V240l44.4 14.8c23.1 7.7 29.5 37.5 11.5 53.9l-101 92.6c-16.2 9.4-34.7 15.1-50.9 15.1c-19.6 0-40.8-7.7-59.2-20.3c-22.1-15.5-51.6-15.5-73.7 0c-17.1 11.8-38 20.3-59.2 20.3c-16.2 0-34.7-5.7-50.9-15.1l-101-92.6c-18-16.5-11.6-46.2 11.5-53.9L96 240V112c0-26.5 21.5-48 48-48h48V32zM160 218.7l107.8-35.9c13.1-4.4 27.3-4.4 40.5 0L416 218.7V128H160v90.7zM306.5 421.9C329 437.4 356.5 448 384 448c26.9 0 55.4-10.8 77.4-26.1l0 0c11.9-8.5 28.1-7.8 39.2 1.7c14.4 11.9 32.5 21 50.6 25.2c17.2 4 27.9 21.2 23.9 38.4s-21.2 27.9-38.4 23.9c-24.5-5.7-44.9-16.5-58.2-25C449.5 501.7 417 512 384 512c-31.9 0-60.6-9.9-80.4-18.9c-5.8-2.7-11.1-5.3-15.6-7.7c-4.5 2.4-9.7 5.1-15.6 7.7c-19.8 9-48.5 18.9-80.4 18.9c-33 0-65.5-10.3-94.5-25.8c-13.4 8.4-33.7 19.3-58.2 25c-17.2 4-34.4-6.7-38.4-23.9s6.7-34.4 23.9-38.4c18.1-4.2 36.2-13.3 50.6-25.2c11.1-9.4 27.3-10.1 39.2-1.7l0 0C136.7 437.2 165.1 448 192 448c27.5 0 55-10.6 77.5-26.1c11.1-7.9 25.9-7.9 37 0z\"\/><\/svg><\/span><\/span>Combinez votre visite avec une croisi\u00e8re sur la Sa\u00f4ne !<\/span><\/a><\/div> <div class=\"vcex-spacing wpex-w-100 wpex-clear\"><\/div>[vc_toggle title=\u00a0\u00bbFAQ : nombre de classes en simultan\u00e9, m\u00e9t\u00e9o, retards, facturation et autres questions fr\u00e9quentes.\u00a0\u00bb]\n<h3><strong>Combien pouvez-vous accueillir d\u2019\u00e9l\u00e8ves en simultan\u00e9 ?<\/strong><\/h3>\n<p>Nous pouvons accueillir plusieurs classes en simultan\u00e9 sur la m\u00eame visite. Nous mettons \u00e0 votre disposition un guide par classe, les visites se font en simultan\u00e9, avec un d\u00e9part \u00e9chelonn\u00e9 de 10 minutes pour chaque classe.<\/p>\n<h3><strong>Que se passe-t-il s\u2019il pleut au moment de la visite ?<\/strong><\/h3>\n<p>On prend des Kway et des parapluies ! \ud83d\ude09<br \/>\nNous n\u2019annulons pas de visites en cas de pluie (sauf en cas de danger, alerte rouge de m\u00e9t\u00e9o France).<br \/>\nEnsuite, nous avisons en fonction de l\u2019intensit\u00e9 : s\u2019il tombe quelques petites gouttes, nous ne changeons rien. En cas de pluie battante, nous adaptons nos parcours pour nous mettre \u00e0 l\u2019abri autant que faire se peut.<br \/>\nLes visites se font uniquement en ext\u00e9rieur, il n\u2019y a pas de solution de repli.<\/p>\n<p>La visite des maternelles peut \u00eatre adapt\u00e9e avec la pluie (nous restons plus longtemps dans la cath\u00e9drale, et dans la traboule), mais la vache m\u00e9lodie n&rsquo;est pas abrit\u00e9e ! Si on veut la voir, il faut aller sous la pluie&#8230; \ud83d\ude09<\/p>\n<h3><strong>Comment faisons-nous pour vous retrouver au lieu de d\u00e9part de la visite ?<\/strong><\/h3>\n<p>Le point d\u00e9part de la visite qui vous est communiqu\u00e9 pr\u00e9cis\u00e9ment par mail, avec un lien google maps, lors de la validation de r\u00e9servation.<br \/>\nCinq jours avant votre visite, vous recevrez par mail le rappel de ce lieu de rendez-vous, ainsi que le num\u00e9ro de portable du guide-com\u00e9dien qui vous attend en cas de besoin.<\/p>\n<h3><strong>Pouvez-vous venir nous chercher avant \/ nous raccompagner apr\u00e8s la visite ?<\/strong><\/h3>\n<p>Nous pouvons venir vous chercher ou vous raccompagner si vous \u00eates \u00e0 moins de 10 mn \u00e0 pied du lieu de d\u00e9but \/ de fin de la visite. Nous pouvons par exemple venir au lieu de d\u00e9pose de votre car.<br \/>\nSi vous souhaitez \u00eatre accompagn\u00e9 plus loin, nous vous facturerons le suppl\u00e9ment.<\/p>\n<h3><strong>Comment se passent la facturation et le r\u00e8glement ?<\/strong><\/h3>\n<p>Par d\u00e9faut, nous demandons un acompte de 50% pour valider la r\u00e9servation, et le solde est \u00e0 r\u00e9gler le jour de la visite ou dans la semaine suivant la visite, par ch\u00e8que, ou virement.<br \/>\nLa facture vous est transmise par mail dans la semaine suivant la visite.<\/p>\n<p>En cas de changement du nombre d\u2019\u00e9l\u00e8ves, nous ajustons la facture avant de vous l\u2019envoyer.<\/p>\n<p>Si le r\u00e8glement d\u2019acompte n\u2019est pas possible, si vous avez besoin d\u2019une facture avant la visite, ou pour toute autre demande sp\u00e9cifique, il suffit de nous le demander par mail.<\/p>\n<h3><strong>Si nous avons du retard pouvez-vous nous attendre ?<\/strong><\/h3>\n<p>Avant toute chose, un message pour pr\u00e9venir de votre retard est indispensable (m\u00eame si vous n\u2019avez que 5 minutes de retard !). Les guides sont syst\u00e9matiquement sur place 15 minutes avant le d\u00e9but de la visite pour vous attendre.<br \/>\nSans aucune nouvelle de votre part, nous vous attendons 30 minutes maximum.<br \/>\nSi vous nous pr\u00e9venez, nous vous attendons. Si nos guides sont disponibles apr\u00e8s votre visite, nous ne ferons que d\u00e9caler la visite et vous pourrez en profiter en entier.<br \/>\nCependant, si les guides ont d\u2019autres imp\u00e9ratifs apr\u00e8s votre groupe, nous serons oblig\u00e9s d\u2019\u00e9courter la prestation. Nous ne pouvons vous garantir que le cr\u00e9neau horaire pour lequel vous avez r\u00e9serv\u00e9.[\/vc_toggle]<div class=\"vcex-callout vcex-module wpex-boxed with-button wpex-text-center wpex-md-text-initial wpex-md-flex wpex-md-items-center\"><div class=\"vcex-callout-caption wpex-last-mb-0 wpex-text-md wpex-mb-20 wpex-md-w-75 wpex-md-pr-20 wpex-md-mb-0\"><p>Vous souhaitez plus d&rsquo;informations ou un devis ?<\/p>\n<\/div><div class=\"vcex-callout-button wpex-md-w-25 wpex-md-text-right\"><a href=\"https:\/\/visite-lyon.fr\/scolaires\/contact\" title=\"Contactez-nous\" class=\"vcex-callout-link theme-button wpex-text-center wpex-text-base\"><span class=\"theme-button-icon-left wpex-icon\" aria-hidden=\"true\"><svg xmlns=\"http:\/\/www.w3.org\/2000\/svg\" viewBox=\"0 0 32 32\"><path d=\"M32 11.679v17.464q0 1.179-0.839 2.018t-2.018 0.839h-26.286q-1.179 0-2.018-0.839t-0.839-2.018v-17.464q0-0.268 0.196-0.429 0.143-0.125 0.696-0.616t0.741-0.643 0.813-0.67 1.25-0.991 1.714-1.304 2.563-1.911 3.438-2.509q0.089-0.071 0.938-0.714t1.277-0.938 1.143-0.625 1.232-0.33 1.232 0.33 1.161 0.634 1.268 0.929 0.929 0.714q1.964 1.429 3.438 2.509t2.563 1.911 1.714 1.304 1.25 0.991 0.813 0.67 0.741 0.643 0.696 0.616q0.196 0.161 0.196 0.429zM21.929 22.125q4.696-3.411 6.161-4.5 0.196-0.143 0.223-0.366t-0.116-0.42l-0.679-0.929q-0.143-0.196-0.375-0.223t-0.429 0.116q-4.125 3.018-6.125 4.464-0.089 0.054-0.929 0.696t-1.277 0.938-1.152 0.625-1.232 0.33-1.232-0.33-1.152-0.625-1.277-0.938-0.929-0.696q-3.321-2.393-6.125-4.464-0.196-0.143-0.429-0.116t-0.375 0.223l-0.679 0.929q-0.143 0.196-0.116 0.42t0.223 0.366q1.464 1.089 6.161 4.5 0.179 0.143 0.893 0.679t1.161 0.839 1.143 0.705 1.384 0.598 1.348 0.196 1.348-0.196 1.411-0.616 1.152-0.705 1.161-0.848 0.857-0.652z\"><\/path><\/svg><\/span>Contactez-nous<\/a><\/div><\/div><div class=\"vcex-spacing wpex-w-100 wpex-clear\"><\/div><div class=\"wpex-slider-preloaderimg \"><img data-no-lazy=\"1\" class=\"skip-lazy\" src=\"https:\/\/visite-lyon.fr\/scolaires\/wp-content\/uploads\/2020\/04\/Cybele-occupation-9-credits-charles-pietri-674x450.jpg\" alt=\"Visite cont\u00e9e : la r\u00e9sistance \u00e0 Lyon et la vie quotidienne des lyonnais\" srcset=\"https:\/\/visite-lyon.fr\/scolaires\/wp-content\/uploads\/2020\/04\/Cybele-occupation-9-credits-charles-pietri-674x450.jpg 674w, https:\/\/visite-lyon.fr\/scolaires\/wp-content\/uploads\/2020\/04\/Cybele-occupation-9-credits-charles-pietri-450x300.jpg 450w, https:\/\/visite-lyon.fr\/scolaires\/wp-content\/uploads\/2020\/04\/Cybele-occupation-9-credits-charles-pietri-960x641.jpg 960w, https:\/\/visite-lyon.fr\/scolaires\/wp-content\/uploads\/2020\/04\/Cybele-occupation-9-credits-charles-pietri-768x513.jpg 768w, https:\/\/visite-lyon.fr\/scolaires\/wp-content\/uploads\/2020\/04\/Cybele-occupation-9-credits-charles-pietri-1536x1025.jpg 1536w, https:\/\/visite-lyon.fr\/scolaires\/wp-content\/uploads\/2020\/04\/Cybele-occupation-9-credits-charles-pietri-135x90.jpg 135w, https:\/\/visite-lyon.fr\/scolaires\/wp-content\/uploads\/2020\/04\/Cybele-occupation-9-credits-charles-pietri.jpg 1600w\" width=\"674\" height=\"450\"><\/div><div class=\"vcex-module wpex-slider slider-pro no-margin-thumbnails vcex-image-gallery-slider\" data-thumbnails=\"true\" data-thumbnail-height=\"auto\" data-auto-play=\"false\" data-auto-play-delay=\"5000\" data-animation-speed=\"600\" data-height-animation-duration=\"500\"><div class=\"wpex-slider-slides sp-slides\"><div class=\"wpex-slider-slide sp-slide\"><div class=\"wpex-slider-media\"><img data-no-lazy=\"1\" class=\"skip-lazy\" alt=\"Visite cont\u00e9e : la r\u00e9sistance \u00e0 Lyon et la vie quotidienne des lyonnais\" src=\"https:\/\/visite-lyon.fr\/scolaires\/wp-content\/uploads\/2020\/04\/Cybele-occupation-9-credits-charles-pietri-674x450.jpg\" srcset=\"https:\/\/visite-lyon.fr\/scolaires\/wp-content\/uploads\/2020\/04\/Cybele-occupation-9-credits-charles-pietri-674x450.jpg 674w, https:\/\/visite-lyon.fr\/scolaires\/wp-content\/uploads\/2020\/04\/Cybele-occupation-9-credits-charles-pietri-450x300.jpg 450w, https:\/\/visite-lyon.fr\/scolaires\/wp-content\/uploads\/2020\/04\/Cybele-occupation-9-credits-charles-pietri-960x641.jpg 960w, https:\/\/visite-lyon.fr\/scolaires\/wp-content\/uploads\/2020\/04\/Cybele-occupation-9-credits-charles-pietri-768x513.jpg 768w, https:\/\/visite-lyon.fr\/scolaires\/wp-content\/uploads\/2020\/04\/Cybele-occupation-9-credits-charles-pietri-1536x1025.jpg 1536w, https:\/\/visite-lyon.fr\/scolaires\/wp-content\/uploads\/2020\/04\/Cybele-occupation-9-credits-charles-pietri-135x90.jpg 135w, https:\/\/visite-lyon.fr\/scolaires\/wp-content\/uploads\/2020\/04\/Cybele-occupation-9-credits-charles-pietri.jpg 1600w\" width=\"674\" height=\"450\"><\/div><\/div><div class=\"wpex-slider-slide sp-slide\"><div class=\"wpex-slider-media\"><img data-no-lazy=\"1\" class=\"skip-lazy\" alt=\"Visite cont\u00e9e : la r\u00e9sistance \u00e0 Lyon et la vie quotidienne des lyonnais\" src=\"https:\/\/visite-lyon.fr\/scolaires\/wp-content\/uploads\/2020\/04\/Cybele-occupation-8-credits-charles-pietri-e1619096806613-674x450.jpg\" srcset=\"https:\/\/visite-lyon.fr\/scolaires\/wp-content\/uploads\/2020\/04\/Cybele-occupation-8-credits-charles-pietri-e1619096806613-674x450.jpg 674w, https:\/\/visite-lyon.fr\/scolaires\/wp-content\/uploads\/2020\/04\/Cybele-occupation-8-credits-charles-pietri-e1619096806613-135x90.jpg 135w, https:\/\/visite-lyon.fr\/scolaires\/wp-content\/uploads\/2020\/04\/Cybele-occupation-8-credits-charles-pietri-e1619096806613.jpg 1200w\" width=\"674\" height=\"450\"><\/div><\/div><div class=\"wpex-slider-slide sp-slide\"><div class=\"wpex-slider-media\"><img data-no-lazy=\"1\" class=\"skip-lazy\" alt=\"Visite cont\u00e9e : la r\u00e9sistance \u00e0 Lyon et la vie quotidienne des lyonnais\" src=\"https:\/\/visite-lyon.fr\/scolaires\/wp-content\/uploads\/2020\/04\/Cybele-occupation-5-credits-charles-pietri-674x450.jpg\" srcset=\"https:\/\/visite-lyon.fr\/scolaires\/wp-content\/uploads\/2020\/04\/Cybele-occupation-5-credits-charles-pietri-674x450.jpg 674w, https:\/\/visite-lyon.fr\/scolaires\/wp-content\/uploads\/2020\/04\/Cybele-occupation-5-credits-charles-pietri-450x300.jpg 450w, https:\/\/visite-lyon.fr\/scolaires\/wp-content\/uploads\/2020\/04\/Cybele-occupation-5-credits-charles-pietri-768x513.jpg 768w, https:\/\/visite-lyon.fr\/scolaires\/wp-content\/uploads\/2020\/04\/Cybele-occupation-5-credits-charles-pietri-1536x1025.jpg 1536w, https:\/\/visite-lyon.fr\/scolaires\/wp-content\/uploads\/2020\/04\/Cybele-occupation-5-credits-charles-pietri-135x90.jpg 135w, https:\/\/visite-lyon.fr\/scolaires\/wp-content\/uploads\/2020\/04\/Cybele-occupation-5-credits-charles-pietri.jpg 1600w\" width=\"674\" height=\"450\"><\/div><\/div><div class=\"wpex-slider-slide sp-slide\"><div class=\"wpex-slider-media\"><img data-no-lazy=\"1\" class=\"skip-lazy\" alt=\"Visites cont\u00e9es : la r\u00e9sistance \u00e0 Lyon et la vie quotidienne des lyonnais\" src=\"https:\/\/visite-lyon.fr\/scolaires\/wp-content\/uploads\/2020\/04\/Cybele-occupation-4-credits-charles-pietri-674x450.jpg\" srcset=\"https:\/\/visite-lyon.fr\/scolaires\/wp-content\/uploads\/2020\/04\/Cybele-occupation-4-credits-charles-pietri-674x450.jpg 674w, https:\/\/visite-lyon.fr\/scolaires\/wp-content\/uploads\/2020\/04\/Cybele-occupation-4-credits-charles-pietri-450x300.jpg 450w, https:\/\/visite-lyon.fr\/scolaires\/wp-content\/uploads\/2020\/04\/Cybele-occupation-4-credits-charles-pietri-768x513.jpg 768w, https:\/\/visite-lyon.fr\/scolaires\/wp-content\/uploads\/2020\/04\/Cybele-occupation-4-credits-charles-pietri-1536x1025.jpg 1536w, https:\/\/visite-lyon.fr\/scolaires\/wp-content\/uploads\/2020\/04\/Cybele-occupation-4-credits-charles-pietri-135x90.jpg 135w, https:\/\/visite-lyon.fr\/scolaires\/wp-content\/uploads\/2020\/04\/Cybele-occupation-4-credits-charles-pietri.jpg 1600w\" width=\"674\" height=\"450\"><\/div><\/div><div class=\"wpex-slider-slide sp-slide\"><div class=\"wpex-slider-media\"><img data-no-lazy=\"1\" class=\"skip-lazy\" alt=\"L&#039;attente : la vie quotidienne et la r\u00e9sistance pendant l&#039;occupation\" src=\"https:\/\/visite-lyon.fr\/scolaires\/wp-content\/uploads\/2019\/03\/Cybele-occupation-1-credits-charles-pietri-e1619096944692-674x450.jpg\" srcset=\"https:\/\/visite-lyon.fr\/scolaires\/wp-content\/uploads\/2019\/03\/Cybele-occupation-1-credits-charles-pietri-e1619096944692-674x450.jpg 674w, https:\/\/visite-lyon.fr\/scolaires\/wp-content\/uploads\/2019\/03\/Cybele-occupation-1-credits-charles-pietri-e1619096944692-135x90.jpg 135w, https:\/\/visite-lyon.fr\/scolaires\/wp-content\/uploads\/2019\/03\/Cybele-occupation-1-credits-charles-pietri-e1619096944692.jpg 1200w\" width=\"674\" height=\"450\"><\/div><\/div><div class=\"wpex-slider-slide sp-slide\"><div class=\"wpex-slider-media\"><img data-no-lazy=\"1\" class=\"skip-lazy\" alt=\"Visite cont\u00e9e : la r\u00e9sistance \u00e0 Lyon et la vie quotidienne des lyonnais\" src=\"https:\/\/visite-lyon.fr\/scolaires\/wp-content\/uploads\/2018\/08\/Cybele-occupation-1-credits-charles-pietri-674x450.jpg\" srcset=\"https:\/\/visite-lyon.fr\/scolaires\/wp-content\/uploads\/2018\/08\/Cybele-occupation-1-credits-charles-pietri-674x450.jpg 674w, https:\/\/visite-lyon.fr\/scolaires\/wp-content\/uploads\/2018\/08\/Cybele-occupation-1-credits-charles-pietri-450x300.jpg 450w, https:\/\/visite-lyon.fr\/scolaires\/wp-content\/uploads\/2018\/08\/Cybele-occupation-1-credits-charles-pietri-768x513.jpg 768w, https:\/\/visite-lyon.fr\/scolaires\/wp-content\/uploads\/2018\/08\/Cybele-occupation-1-credits-charles-pietri-135x90.jpg 135w, https:\/\/visite-lyon.fr\/scolaires\/wp-content\/uploads\/2018\/08\/Cybele-occupation-1-credits-charles-pietri.jpg 1200w\" width=\"674\" height=\"450\"><\/div><\/div><\/div><div class=\"wpex-slider-thumbnails sp-nc-thumbnails wpex-grid wpex-grid-cols-6\"><img data-no-lazy=\"1\" class=\"wpex-slider-thumbnail wpex-block wpex-w-100 sp-nc-thumbnail skip-lazy\" src=\"https:\/\/visite-lyon.fr\/scolaires\/wp-content\/uploads\/2020\/04\/Cybele-occupation-9-credits-charles-pietri-135x90.jpg\" alt=\"Visite cont\u00e9e : la r\u00e9sistance \u00e0 Lyon et la vie quotidienne des lyonnais\" srcset=\"https:\/\/visite-lyon.fr\/scolaires\/wp-content\/uploads\/2020\/04\/Cybele-occupation-9-credits-charles-pietri-135x90.jpg 135w, https:\/\/visite-lyon.fr\/scolaires\/wp-content\/uploads\/2020\/04\/Cybele-occupation-9-credits-charles-pietri-450x300.jpg 450w, https:\/\/visite-lyon.fr\/scolaires\/wp-content\/uploads\/2020\/04\/Cybele-occupation-9-credits-charles-pietri-960x641.jpg 960w, https:\/\/visite-lyon.fr\/scolaires\/wp-content\/uploads\/2020\/04\/Cybele-occupation-9-credits-charles-pietri-768x513.jpg 768w, https:\/\/visite-lyon.fr\/scolaires\/wp-content\/uploads\/2020\/04\/Cybele-occupation-9-credits-charles-pietri-1536x1025.jpg 1536w, https:\/\/visite-lyon.fr\/scolaires\/wp-content\/uploads\/2020\/04\/Cybele-occupation-9-credits-charles-pietri-320x210.jpg 320w, https:\/\/visite-lyon.fr\/scolaires\/wp-content\/uploads\/2020\/04\/Cybele-occupation-9-credits-charles-pietri-674x450.jpg 674w, https:\/\/visite-lyon.fr\/scolaires\/wp-content\/uploads\/2020\/04\/Cybele-occupation-9-credits-charles-pietri.jpg 1600w\" width=\"135\" height=\"90\"><img data-no-lazy=\"1\" class=\"wpex-slider-thumbnail wpex-block wpex-w-100 sp-nc-thumbnail skip-lazy\" src=\"https:\/\/visite-lyon.fr\/scolaires\/wp-content\/uploads\/2020\/04\/Cybele-occupation-8-credits-charles-pietri-e1619096806613-135x90.jpg\" alt=\"Visite cont\u00e9e : la r\u00e9sistance \u00e0 Lyon et la vie quotidienne des lyonnais\" srcset=\"https:\/\/visite-lyon.fr\/scolaires\/wp-content\/uploads\/2020\/04\/Cybele-occupation-8-credits-charles-pietri-e1619096806613-135x90.jpg 135w, https:\/\/visite-lyon.fr\/scolaires\/wp-content\/uploads\/2020\/04\/Cybele-occupation-8-credits-charles-pietri-e1619096806613-674x450.jpg 674w, https:\/\/visite-lyon.fr\/scolaires\/wp-content\/uploads\/2020\/04\/Cybele-occupation-8-credits-charles-pietri-e1619096806613.jpg 1200w\" width=\"135\" height=\"90\"><img data-no-lazy=\"1\" class=\"wpex-slider-thumbnail wpex-block wpex-w-100 sp-nc-thumbnail skip-lazy\" src=\"https:\/\/visite-lyon.fr\/scolaires\/wp-content\/uploads\/2020\/04\/Cybele-occupation-5-credits-charles-pietri-135x90.jpg\" alt=\"Visite cont\u00e9e : la r\u00e9sistance \u00e0 Lyon et la vie quotidienne des lyonnais\" srcset=\"https:\/\/visite-lyon.fr\/scolaires\/wp-content\/uploads\/2020\/04\/Cybele-occupation-5-credits-charles-pietri-135x90.jpg 135w, https:\/\/visite-lyon.fr\/scolaires\/wp-content\/uploads\/2020\/04\/Cybele-occupation-5-credits-charles-pietri-450x300.jpg 450w, https:\/\/visite-lyon.fr\/scolaires\/wp-content\/uploads\/2020\/04\/Cybele-occupation-5-credits-charles-pietri-768x513.jpg 768w, https:\/\/visite-lyon.fr\/scolaires\/wp-content\/uploads\/2020\/04\/Cybele-occupation-5-credits-charles-pietri-1536x1025.jpg 1536w, https:\/\/visite-lyon.fr\/scolaires\/wp-content\/uploads\/2020\/04\/Cybele-occupation-5-credits-charles-pietri-320x210.jpg 320w, https:\/\/visite-lyon.fr\/scolaires\/wp-content\/uploads\/2020\/04\/Cybele-occupation-5-credits-charles-pietri-674x450.jpg 674w, https:\/\/visite-lyon.fr\/scolaires\/wp-content\/uploads\/2020\/04\/Cybele-occupation-5-credits-charles-pietri.jpg 1600w\" width=\"135\" height=\"90\"><img data-no-lazy=\"1\" class=\"wpex-slider-thumbnail wpex-block wpex-w-100 sp-nc-thumbnail skip-lazy\" src=\"https:\/\/visite-lyon.fr\/scolaires\/wp-content\/uploads\/2020\/04\/Cybele-occupation-4-credits-charles-pietri-135x90.jpg\" alt=\"Visites cont\u00e9es : la r\u00e9sistance \u00e0 Lyon et la vie quotidienne des lyonnais\" srcset=\"https:\/\/visite-lyon.fr\/scolaires\/wp-content\/uploads\/2020\/04\/Cybele-occupation-4-credits-charles-pietri-135x90.jpg 135w, https:\/\/visite-lyon.fr\/scolaires\/wp-content\/uploads\/2020\/04\/Cybele-occupation-4-credits-charles-pietri-450x300.jpg 450w, https:\/\/visite-lyon.fr\/scolaires\/wp-content\/uploads\/2020\/04\/Cybele-occupation-4-credits-charles-pietri-768x513.jpg 768w, https:\/\/visite-lyon.fr\/scolaires\/wp-content\/uploads\/2020\/04\/Cybele-occupation-4-credits-charles-pietri-1536x1025.jpg 1536w, https:\/\/visite-lyon.fr\/scolaires\/wp-content\/uploads\/2020\/04\/Cybele-occupation-4-credits-charles-pietri-320x210.jpg 320w, https:\/\/visite-lyon.fr\/scolaires\/wp-content\/uploads\/2020\/04\/Cybele-occupation-4-credits-charles-pietri-674x450.jpg 674w, https:\/\/visite-lyon.fr\/scolaires\/wp-content\/uploads\/2020\/04\/Cybele-occupation-4-credits-charles-pietri.jpg 1600w\" width=\"135\" height=\"90\"><img data-no-lazy=\"1\" class=\"wpex-slider-thumbnail wpex-block wpex-w-100 sp-nc-thumbnail skip-lazy\" src=\"https:\/\/visite-lyon.fr\/scolaires\/wp-content\/uploads\/2019\/03\/Cybele-occupation-1-credits-charles-pietri-e1619096944692-135x90.jpg\" alt=\"L&#039;attente : la vie quotidienne et la r\u00e9sistance pendant l&#039;occupation\" srcset=\"https:\/\/visite-lyon.fr\/scolaires\/wp-content\/uploads\/2019\/03\/Cybele-occupation-1-credits-charles-pietri-e1619096944692-135x90.jpg 135w, https:\/\/visite-lyon.fr\/scolaires\/wp-content\/uploads\/2019\/03\/Cybele-occupation-1-credits-charles-pietri-e1619096944692-674x450.jpg 674w, https:\/\/visite-lyon.fr\/scolaires\/wp-content\/uploads\/2019\/03\/Cybele-occupation-1-credits-charles-pietri-e1619096944692.jpg 1200w\" width=\"135\" height=\"90\"><img data-no-lazy=\"1\" class=\"wpex-slider-thumbnail wpex-block wpex-w-100 sp-nc-thumbnail skip-lazy\" src=\"https:\/\/visite-lyon.fr\/scolaires\/wp-content\/uploads\/2018\/08\/Cybele-occupation-1-credits-charles-pietri-135x90.jpg\" alt=\"Visite cont\u00e9e : la r\u00e9sistance \u00e0 Lyon et la vie quotidienne des lyonnais\" srcset=\"https:\/\/visite-lyon.fr\/scolaires\/wp-content\/uploads\/2018\/08\/Cybele-occupation-1-credits-charles-pietri-135x90.jpg 135w, https:\/\/visite-lyon.fr\/scolaires\/wp-content\/uploads\/2018\/08\/Cybele-occupation-1-credits-charles-pietri-450x300.jpg 450w, https:\/\/visite-lyon.fr\/scolaires\/wp-content\/uploads\/2018\/08\/Cybele-occupation-1-credits-charles-pietri-768x513.jpg 768w, https:\/\/visite-lyon.fr\/scolaires\/wp-content\/uploads\/2018\/08\/Cybele-occupation-1-credits-charles-pietri-320x210.jpg 320w, https:\/\/visite-lyon.fr\/scolaires\/wp-content\/uploads\/2018\/08\/Cybele-occupation-1-credits-charles-pietri-674x450.jpg 674w, https:\/\/visite-lyon.fr\/scolaires\/wp-content\/uploads\/2018\/08\/Cybele-occupation-1-credits-charles-pietri.jpg 1200w\" width=\"135\" height=\"90\"><\/div><\/div><div class=\"vcex-spacing wpex-w-100 wpex-clear\"><\/div><div class=\"vcex-callout vcex-module wpex-boxed with-button wpex-text-center wpex-md-text-initial wpex-md-flex wpex-md-items-center\"><div class=\"vcex-callout-caption wpex-last-mb-0 wpex-text-md wpex-mb-20 wpex-md-w-50 wpex-md-pr-20 wpex-md-mb-0\"><p>Testez cette visite gratuitement<\/p>\n<\/div><div class=\"vcex-callout-button wpex-md-w-50 wpex-md-text-right\"><a href=\"https:\/\/visite-lyon.fr\/scolaires\/invitations-visites-enseignants\/\" title=\"Demandez une invitation\" class=\"vcex-callout-link theme-button wpex-text-center wpex-text-base\"><span class=\"theme-button-icon-left wpex-icon\" aria-hidden=\"true\"><svg xmlns=\"http:\/\/www.w3.org\/2000\/svg\" viewBox=\"0 0 512 512\"><path d=\"M190.5 68.8L225.3 128H224 152c-22.1 0-40-17.9-40-40s17.9-40 40-40h2.2c14.9 0 28.8 7.9 36.3 20.8zM64 88c0 14.4 3.5 28 9.6 40H32c-17.7 0-32 14.3-32 32v64c0 17.7 14.3 32 32 32H480c17.7 0 32-14.3 32-32V160c0-17.7-14.3-32-32-32H438.4c6.1-12 9.6-25.6 9.6-40c0-48.6-39.4-88-88-88h-2.2c-31.9 0-61.5 16.9-77.7 44.4L256 85.5l-24.1-41C215.7 16.9 186.1 0 154.2 0H152C103.4 0 64 39.4 64 88zm336 0c0 22.1-17.9 40-40 40H288h-1.3l34.8-59.2C329.1 55.9 342.9 48 357.8 48H360c22.1 0 40 17.9 40 40zM32 288V464c0 26.5 21.5 48 48 48H224V288H32zM288 512H432c26.5 0 48-21.5 48-48V288H288V512z\"\/><\/svg><\/span>Demandez une invitation<\/a><\/div><\/div><div class=\"vcex-spacing wpex-w-100 wpex-clear\"><\/div><h1 class=\"vcex-heading vcex-heading-bottom-border vcex-module wpex-heading wpex-text-2xl wpex-border-b wpex-border-solid wpex-border-main\"><span class=\"vcex-heading-inner wpex-inline-block\">T\u00e9l\u00e9charger le dossier p\u00e9dagogique<\/span><\/h1><div class=\"vcex-spacing wpex-w-100 wpex-clear\" style=\"height:15px;\"><\/div>[vc_column_text]Le lien pour t\u00e9l\u00e9charger le dossier p\u00e9dagogique vous est envoy\u00e9 automatiquement par mail d\u00e8s que votre visite est r\u00e9serv\u00e9e ![\/vc_column_text]<div class=\"vcex-spacing wpex-w-100 wpex-clear\"><\/div><h1 class=\"vcex-heading vcex-heading-bottom-border vcex-module wpex-heading wpex-text-2xl wpex-border-b wpex-border-solid wpex-border-main\"><span class=\"vcex-heading-inner wpex-inline-block\">Pour vous aider \u00e0 pr\u00e9parer votre visite de Lyon<\/span><\/h1><div class=\"vcex-spacing wpex-w-100 wpex-clear\" style=\"height:15px;\"><\/div><div class=\"wpex-post-cards wpex-post-cards-blog-list_10 wpex-relative\"><div class=\"wpex-post-cards-inner\"><div class=\"wpex-post-cards-loop wpex-post-cards-grid wpex-row wpex-clr\"><div class=\"wpex-post-cards-entry col col-1 span_1_of_1 post-447 type-post cat-5\"><div class=\"wpex-card wpex-card-blog-list_10\"><div class=\"wpex-card-inner wpex-flex wpex-flex-col wpex-flex-grow wpex-md-flex-row wpex-gap-25 wpex-md-gap-25\"><div class=\"wpex-card-media wpex-md-w-50 wpex-flex-shrink-0 wpex-self-stretch overlay-parent overlay-parent-1\"><div class=\"wpex-card-thumbnail wpex-relative wpex-w-100 wpex-h-100\"><a href=\"https:\/\/visite-lyon.fr\/scolaires\/sortie-scolaire-lyon\/\"><img width=\"1920\" height=\"1280\" src=\"https:\/\/visite-lyon.fr\/scolaires\/wp-content\/uploads\/2015\/01\/IMG_3692.jpg\" class=\"wpex-align-middle wpex-w-100 wpex-h-100 wpex-object-cover\" alt=\"visite cont\u00e9e scolaires vieux lyon\" loading=\"lazy\" decoding=\"async\" srcset=\"https:\/\/visite-lyon.fr\/scolaires\/wp-content\/uploads\/2015\/01\/IMG_3692.jpg 1920w, https:\/\/visite-lyon.fr\/scolaires\/wp-content\/uploads\/2015\/01\/IMG_3692-300x200.jpg 300w, https:\/\/visite-lyon.fr\/scolaires\/wp-content\/uploads\/2015\/01\/IMG_3692-675x450.jpg 675w, https:\/\/visite-lyon.fr\/scolaires\/wp-content\/uploads\/2015\/01\/IMG_3692-135x90.jpg 135w\" sizes=\"auto, (max-width: 1920px) 100vw, 1920px\" \/><\/a><\/div><\/div><div class=\"wpex-card-details wpex-flex-grow wpex-last-mb-0\"><div class=\"wpex-card-primary-term wpex-uppercase wpex-text-3 wpex-text-xs wpex-font-semibold wpex-tracking-wide wpex-mb-5\"><a href=\"https:\/\/visite-lyon.fr\/scolaires\/category\/bons-plans\/\" class=\"wpex-inherit-color wpex-hover-underline\">Bons plans<\/a><\/div><h2 class=\"wpex-card-title wpex-heading wpex-text-xl wpex-mb-15\"><a href=\"https:\/\/visite-lyon.fr\/scolaires\/sortie-scolaire-lyon\/\">Bien organiser sa sortie scolaire \u00e0 Lyon<\/a><\/h2><div class=\"wpex-card-excerpt wpex-last-mb-0\"><p>Nous accueillions chaque ann\u00e9e, des centaines de classes en voyage scolaire \u00e0 Lyon. Nous sommes conscients que la plupart des&hellip;<\/p>\n<\/div><\/div><\/div><\/div><\/div><\/div><\/div><\/div>[\/vc_column][\/vc_row]\n<\/div>","protected":false},"excerpt":{"rendered":"<p>[vc_row][vc_column][vc_column_text] Jean Mac\u00e9 (7e arrdt) \/ CM2, Coll\u00e8ge, Lyc\u00e9e Madeleine avait 10 ans en 1939 lorsque la guerre \u00e9clata. Tr\u00e8s vite, son p\u00e8re fut envoy\u00e9 au front. Tr\u00e8s vite, elle connut la faim, le froid, les longues files d&rsquo;attentes. Madeleine dut faire face \u00e0 la peur, et \u00e0 l&rsquo;attente interminable : ne pas savoir quand&hellip;<\/p>\n","protected":false},"author":1,"featured_media":1316,"parent":0,"menu_order":0,"comment_status":"closed","ping_status":"closed","template":"templates\/left-sidebar.php","meta":{"footnotes":""},"class_list":["post-885","page","type-page","status-publish","has-post-thumbnail","hentry","entry","has-media"],"yoast_head":"<!-- This site is optimized with the Yoast SEO plugin v27.5 - https:\/\/yoast.com\/product\/yoast-seo-wordpress\/ -->\n<title>La r\u00e9sistance et l&#039;occupation \u00e0 Lyon : &quot;L&#039;attente&quot;, une visite cont\u00e9e<\/title>\n<meta name=\"description\" content=\"Cette visite cont\u00e9e fait d\u00e9couvrir le quotidien des lyonnais entre 1939 et 1945, qui n&#039;\u00e9taient ni dans la r\u00e9sistance, ni collabos, qui \u00e9taient comme nous.\" \/>\n<meta name=\"robots\" content=\"index, follow, max-snippet:-1, max-image-preview:large, max-video-preview:-1\" \/>\n<link rel=\"canonical\" href=\"https:\/\/visite-lyon.fr\/scolaires\/college-seconde-guerre-mondiale\/\" \/>\n<meta property=\"og:locale\" content=\"fr_FR\" \/>\n<meta property=\"og:type\" content=\"article\" \/>\n<meta property=\"og:title\" content=\"La r\u00e9sistance et l&#039;occupation \u00e0 Lyon : &quot;L&#039;attente&quot;, une visite cont\u00e9e\" \/>\n<meta property=\"og:description\" content=\"Cette visite cont\u00e9e fait d\u00e9couvrir le quotidien des lyonnais entre 1939 et 1945, qui n&#039;\u00e9taient ni dans la r\u00e9sistance, ni collabos, qui \u00e9taient comme nous.\" \/>\n<meta property=\"og:url\" content=\"https:\/\/visite-lyon.fr\/scolaires\/college-seconde-guerre-mondiale\/\" \/>\n<meta property=\"og:site_name\" content=\"Visites cont\u00e9es de Lyon - Cyb\u00e8le\" \/>\n<meta property=\"article:publisher\" content=\"https:\/\/www.facebook.com\/sortiescolairelyon\/\" \/>\n<meta property=\"article:modified_time\" content=\"2024-07-09T08:10:00+00:00\" \/>\n<meta property=\"og:image\" content=\"https:\/\/visite-lyon.fr\/scolaires\/wp-content\/uploads\/2020\/04\/Cybele-occupation-9-credits-charles-pietri.jpg\" \/>\n\t<meta property=\"og:image:width\" content=\"1600\" \/>\n\t<meta property=\"og:image:height\" content=\"1068\" \/>\n\t<meta property=\"og:image:type\" content=\"image\/jpeg\" \/>\n<meta name=\"twitter:label1\" content=\"Dur\u00e9e de lecture estim\u00e9e\" \/>\n\t<meta name=\"twitter:data1\" content=\"6 minutes\" \/>\n<script type=\"application\/ld+json\" class=\"yoast-schema-graph\">{\"@context\":\"https:\\\/\\\/schema.org\",\"@graph\":[{\"@type\":\"WebPage\",\"@id\":\"https:\\\/\\\/visite-lyon.fr\\\/scolaires\\\/college-seconde-guerre-mondiale\\\/\",\"url\":\"https:\\\/\\\/visite-lyon.fr\\\/scolaires\\\/college-seconde-guerre-mondiale\\\/\",\"name\":\"La r\u00e9sistance et l'occupation \u00e0 Lyon : \\\"L'attente\\\", une visite cont\u00e9e\",\"isPartOf\":{\"@id\":\"https:\\\/\\\/visite-lyon.fr\\\/scolaires\\\/#website\"},\"primaryImageOfPage\":{\"@id\":\"https:\\\/\\\/visite-lyon.fr\\\/scolaires\\\/college-seconde-guerre-mondiale\\\/#primaryimage\"},\"image\":{\"@id\":\"https:\\\/\\\/visite-lyon.fr\\\/scolaires\\\/college-seconde-guerre-mondiale\\\/#primaryimage\"},\"thumbnailUrl\":\"https:\\\/\\\/visite-lyon.fr\\\/scolaires\\\/wp-content\\\/uploads\\\/2020\\\/04\\\/Cybele-occupation-9-credits-charles-pietri.jpg\",\"datePublished\":\"2018-08-08T09:24:03+00:00\",\"dateModified\":\"2024-07-09T08:10:00+00:00\",\"description\":\"Cette visite cont\u00e9e fait d\u00e9couvrir le quotidien des lyonnais entre 1939 et 1945, qui n'\u00e9taient ni dans la r\u00e9sistance, ni collabos, qui \u00e9taient comme nous.\",\"breadcrumb\":{\"@id\":\"https:\\\/\\\/visite-lyon.fr\\\/scolaires\\\/college-seconde-guerre-mondiale\\\/#breadcrumb\"},\"inLanguage\":\"fr-FR\",\"potentialAction\":[{\"@type\":\"ReadAction\",\"target\":[\"https:\\\/\\\/visite-lyon.fr\\\/scolaires\\\/college-seconde-guerre-mondiale\\\/\"]}]},{\"@type\":\"ImageObject\",\"inLanguage\":\"fr-FR\",\"@id\":\"https:\\\/\\\/visite-lyon.fr\\\/scolaires\\\/college-seconde-guerre-mondiale\\\/#primaryimage\",\"url\":\"https:\\\/\\\/visite-lyon.fr\\\/scolaires\\\/wp-content\\\/uploads\\\/2020\\\/04\\\/Cybele-occupation-9-credits-charles-pietri.jpg\",\"contentUrl\":\"https:\\\/\\\/visite-lyon.fr\\\/scolaires\\\/wp-content\\\/uploads\\\/2020\\\/04\\\/Cybele-occupation-9-credits-charles-pietri.jpg\",\"width\":1600,\"height\":1068,\"caption\":\"Visite cont\u00e9e : la r\u00e9sistance \u00e0 Lyon et la vie quotidienne des lyonnais\"},{\"@type\":\"BreadcrumbList\",\"@id\":\"https:\\\/\\\/visite-lyon.fr\\\/scolaires\\\/college-seconde-guerre-mondiale\\\/#breadcrumb\",\"itemListElement\":[{\"@type\":\"ListItem\",\"position\":1,\"name\":\"Accueil\",\"item\":\"https:\\\/\\\/visite-lyon.fr\\\/scolaires\\\/\"},{\"@type\":\"ListItem\",\"position\":2,\"name\":\"L&rsquo;attente &#8211; La vie \u00e0 Lyon sous l&rsquo;occupation\"}]},{\"@type\":\"WebSite\",\"@id\":\"https:\\\/\\\/visite-lyon.fr\\\/scolaires\\\/#website\",\"url\":\"https:\\\/\\\/visite-lyon.fr\\\/scolaires\\\/\",\"name\":\"Visites cont\u00e9es de Lyon - Cyb\u00e8le\",\"description\":\"Quand Cyb\u00e8le raconte Lyon, vos enfants voyagent dans le temps.\",\"publisher\":{\"@id\":\"https:\\\/\\\/visite-lyon.fr\\\/scolaires\\\/#organization\"},\"potentialAction\":[{\"@type\":\"SearchAction\",\"target\":{\"@type\":\"EntryPoint\",\"urlTemplate\":\"https:\\\/\\\/visite-lyon.fr\\\/scolaires\\\/?s={search_term_string}\"},\"query-input\":{\"@type\":\"PropertyValueSpecification\",\"valueRequired\":true,\"valueName\":\"search_term_string\"}}],\"inLanguage\":\"fr-FR\"},{\"@type\":\"Organization\",\"@id\":\"https:\\\/\\\/visite-lyon.fr\\\/scolaires\\\/#organization\",\"name\":\"Cyb\u00e8le\",\"url\":\"https:\\\/\\\/visite-lyon.fr\\\/scolaires\\\/\",\"logo\":{\"@type\":\"ImageObject\",\"inLanguage\":\"fr-FR\",\"@id\":\"https:\\\/\\\/visite-lyon.fr\\\/scolaires\\\/#\\\/schema\\\/logo\\\/image\\\/\",\"url\":\"https:\\\/\\\/visite-lyon.fr\\\/scolaires\\\/wp-content\\\/uploads\\\/2015\\\/01\\\/logo-cybele.png\",\"contentUrl\":\"https:\\\/\\\/visite-lyon.fr\\\/scolaires\\\/wp-content\\\/uploads\\\/2015\\\/01\\\/logo-cybele.png\",\"width\":269,\"height\":100,\"caption\":\"Cyb\u00e8le\"},\"image\":{\"@id\":\"https:\\\/\\\/visite-lyon.fr\\\/scolaires\\\/#\\\/schema\\\/logo\\\/image\\\/\"},\"sameAs\":[\"https:\\\/\\\/www.facebook.com\\\/sortiescolairelyon\\\/\",\"https:\\\/\\\/x.com\\\/Cybele_arts\",\"http:\\\/\\\/cybelearts\"]}]}<\/script>\n<!-- \/ Yoast SEO plugin. -->","yoast_head_json":{"title":"La r\u00e9sistance et l'occupation \u00e0 Lyon : \"L'attente\", une visite cont\u00e9e","description":"Cette visite cont\u00e9e fait d\u00e9couvrir le quotidien des lyonnais entre 1939 et 1945, qui n'\u00e9taient ni dans la r\u00e9sistance, ni collabos, qui \u00e9taient comme nous.","robots":{"index":"index","follow":"follow","max-snippet":"max-snippet:-1","max-image-preview":"max-image-preview:large","max-video-preview":"max-video-preview:-1"},"canonical":"https:\/\/visite-lyon.fr\/scolaires\/college-seconde-guerre-mondiale\/","og_locale":"fr_FR","og_type":"article","og_title":"La r\u00e9sistance et l'occupation \u00e0 Lyon : \"L'attente\", une visite cont\u00e9e","og_description":"Cette visite cont\u00e9e fait d\u00e9couvrir le quotidien des lyonnais entre 1939 et 1945, qui n'\u00e9taient ni dans la r\u00e9sistance, ni collabos, qui \u00e9taient comme nous.","og_url":"https:\/\/visite-lyon.fr\/scolaires\/college-seconde-guerre-mondiale\/","og_site_name":"Visites cont\u00e9es de Lyon - Cyb\u00e8le","article_publisher":"https:\/\/www.facebook.com\/sortiescolairelyon\/","article_modified_time":"2024-07-09T08:10:00+00:00","og_image":[{"width":1600,"height":1068,"url":"https:\/\/visite-lyon.fr\/scolaires\/wp-content\/uploads\/2020\/04\/Cybele-occupation-9-credits-charles-pietri.jpg","type":"image\/jpeg"}],"twitter_misc":{"Dur\u00e9e de lecture estim\u00e9e":"6 minutes"},"schema":{"@context":"https:\/\/schema.org","@graph":[{"@type":"WebPage","@id":"https:\/\/visite-lyon.fr\/scolaires\/college-seconde-guerre-mondiale\/","url":"https:\/\/visite-lyon.fr\/scolaires\/college-seconde-guerre-mondiale\/","name":"La r\u00e9sistance et l'occupation \u00e0 Lyon : \"L'attente\", une visite cont\u00e9e","isPartOf":{"@id":"https:\/\/visite-lyon.fr\/scolaires\/#website"},"primaryImageOfPage":{"@id":"https:\/\/visite-lyon.fr\/scolaires\/college-seconde-guerre-mondiale\/#primaryimage"},"image":{"@id":"https:\/\/visite-lyon.fr\/scolaires\/college-seconde-guerre-mondiale\/#primaryimage"},"thumbnailUrl":"https:\/\/visite-lyon.fr\/scolaires\/wp-content\/uploads\/2020\/04\/Cybele-occupation-9-credits-charles-pietri.jpg","datePublished":"2018-08-08T09:24:03+00:00","dateModified":"2024-07-09T08:10:00+00:00","description":"Cette visite cont\u00e9e fait d\u00e9couvrir le quotidien des lyonnais entre 1939 et 1945, qui n'\u00e9taient ni dans la r\u00e9sistance, ni collabos, qui \u00e9taient comme nous.","breadcrumb":{"@id":"https:\/\/visite-lyon.fr\/scolaires\/college-seconde-guerre-mondiale\/#breadcrumb"},"inLanguage":"fr-FR","potentialAction":[{"@type":"ReadAction","target":["https:\/\/visite-lyon.fr\/scolaires\/college-seconde-guerre-mondiale\/"]}]},{"@type":"ImageObject","inLanguage":"fr-FR","@id":"https:\/\/visite-lyon.fr\/scolaires\/college-seconde-guerre-mondiale\/#primaryimage","url":"https:\/\/visite-lyon.fr\/scolaires\/wp-content\/uploads\/2020\/04\/Cybele-occupation-9-credits-charles-pietri.jpg","contentUrl":"https:\/\/visite-lyon.fr\/scolaires\/wp-content\/uploads\/2020\/04\/Cybele-occupation-9-credits-charles-pietri.jpg","width":1600,"height":1068,"caption":"Visite cont\u00e9e : la r\u00e9sistance \u00e0 Lyon et la vie quotidienne des lyonnais"},{"@type":"BreadcrumbList","@id":"https:\/\/visite-lyon.fr\/scolaires\/college-seconde-guerre-mondiale\/#breadcrumb","itemListElement":[{"@type":"ListItem","position":1,"name":"Accueil","item":"https:\/\/visite-lyon.fr\/scolaires\/"},{"@type":"ListItem","position":2,"name":"L&rsquo;attente &#8211; La vie \u00e0 Lyon sous l&rsquo;occupation"}]},{"@type":"WebSite","@id":"https:\/\/visite-lyon.fr\/scolaires\/#website","url":"https:\/\/visite-lyon.fr\/scolaires\/","name":"Visites cont\u00e9es de Lyon - Cyb\u00e8le","description":"Quand Cyb\u00e8le raconte Lyon, vos enfants voyagent dans le temps.","publisher":{"@id":"https:\/\/visite-lyon.fr\/scolaires\/#organization"},"potentialAction":[{"@type":"SearchAction","target":{"@type":"EntryPoint","urlTemplate":"https:\/\/visite-lyon.fr\/scolaires\/?s={search_term_string}"},"query-input":{"@type":"PropertyValueSpecification","valueRequired":true,"valueName":"search_term_string"}}],"inLanguage":"fr-FR"},{"@type":"Organization","@id":"https:\/\/visite-lyon.fr\/scolaires\/#organization","name":"Cyb\u00e8le","url":"https:\/\/visite-lyon.fr\/scolaires\/","logo":{"@type":"ImageObject","inLanguage":"fr-FR","@id":"https:\/\/visite-lyon.fr\/scolaires\/#\/schema\/logo\/image\/","url":"https:\/\/visite-lyon.fr\/scolaires\/wp-content\/uploads\/2015\/01\/logo-cybele.png","contentUrl":"https:\/\/visite-lyon.fr\/scolaires\/wp-content\/uploads\/2015\/01\/logo-cybele.png","width":269,"height":100,"caption":"Cyb\u00e8le"},"image":{"@id":"https:\/\/visite-lyon.fr\/scolaires\/#\/schema\/logo\/image\/"},"sameAs":["https:\/\/www.facebook.com\/sortiescolairelyon\/","https:\/\/x.com\/Cybele_arts","http:\/\/cybelearts"]}]}},"_links":{"self":[{"href":"https:\/\/visite-lyon.fr\/scolaires\/wp-json\/wp\/v2\/pages\/885","targetHints":{"allow":["GET"]}}],"collection":[{"href":"https:\/\/visite-lyon.fr\/scolaires\/wp-json\/wp\/v2\/pages"}],"about":[{"href":"https:\/\/visite-lyon.fr\/scolaires\/wp-json\/wp\/v2\/types\/page"}],"author":[{"embeddable":true,"href":"https:\/\/visite-lyon.fr\/scolaires\/wp-json\/wp\/v2\/users\/1"}],"replies":[{"embeddable":true,"href":"https:\/\/visite-lyon.fr\/scolaires\/wp-json\/wp\/v2\/comments?post=885"}],"version-history":[{"count":44,"href":"https:\/\/visite-lyon.fr\/scolaires\/wp-json\/wp\/v2\/pages\/885\/revisions"}],"predecessor-version":[{"id":2202,"href":"https:\/\/visite-lyon.fr\/scolaires\/wp-json\/wp\/v2\/pages\/885\/revisions\/2202"}],"wp:featuredmedia":[{"embeddable":true,"href":"https:\/\/visite-lyon.fr\/scolaires\/wp-json\/wp\/v2\/media\/1316"}],"wp:attachment":[{"href":"https:\/\/visite-lyon.fr\/scolaires\/wp-json\/wp\/v2\/media?parent=885"}],"curies":[{"name":"wp","href":"https:\/\/api.w.org\/{rel}","templated":true}]}}